{"id":16935,"date":"2014-05-06T08:30:14","date_gmt":"2014-05-06T08:30:14","guid":{"rendered":"https:\/\/tuereselcambio.es\/sobre-mi\/"},"modified":"2025-02-05T18:45:15","modified_gmt":"2025-02-05T17:45:15","slug":"sobre-mi","status":"publish","type":"page","link":"https:\/\/tuereselcambio.es\/ca\/sobre-mi\/","title":{"rendered":"Sobre mi"},"content":{"rendered":"<div class=\"wpb-content-wrapper\"><p>[vc_row css_animation=&#8221;&#8221; row_type=&#8221;row&#8221; use_row_as_full_screen_section=&#8221;no&#8221; type=&#8221;grid&#8221; angled_section=&#8221;no&#8221; text_align=&#8221;left&#8221; background_image_as_pattern=&#8221;without_pattern&#8221; padding_top=&#8221;75&#8243; padding_bottom=&#8221;0&#8243; anchor=&#8221;portfolio&#8221; background_color=&#8221;#ffffff&#8221; border_color=&#8221;#eeeeee&#8221; z_index=&#8221;&#8221;][vc_column][vc_row_inner row_type=&#8221;row&#8221; type=&#8221;full_width&#8221; text_align=&#8221;left&#8221; css_animation=&#8221;&#8221; padding_bottom=&#8221;20&#8243;][vc_column_inner width=&#8221;1\/2&#8243;][vc_column_text]<\/p>\n<h2>Qui s\u00f3c?<\/h2>\n<p>[\/vc_column_text][vc_separator type=&#8221;transparent&#8221; up=&#8221;12&#8243; down=&#8221;0&#8243;][vc_column_text css=&#8221;.vc_custom_1576598767828{padding-bottom: 20px !important;}&#8221;]<\/p>\n<p style=\"text-align: justify;\">M\u00e9s que qui s\u00f3c, diria que qui \u00e9s el meu personatge.<\/p>\n<p>&nbsp;<\/p>\n<h5 style=\"text-align: justify;\">El meu nom \u00e9s Gemma. S\u00f3c una persona que s&#8217;aixeca cada mat\u00ed amb il\u00b7lusi\u00f3, amb ganes de viure, ganes d&#8217;experimentar, expandint tot aix\u00f2 cap a mi i cap a la resta.<\/h5>\n<p>&nbsp;<\/p>\n<p style=\"text-align: justify;\">Tot va comen\u00e7ar quan em vaig adonar que la vida m&#8217;estrenyia tant que vaig entendre que tenia molt a dir-me. Vaig comen\u00e7ar a indagar, a descobrir, a voler saber m\u00e9s i, sobretot, vaig comen\u00e7ar a ser responsable de mi mateixa, dels meus actes, de les meves reaccions; comprenent que tot el que estava vivint era perfecte per a la meva evoluci\u00f3.<\/p>\n<p>&nbsp;<\/p>\n<p style=\"text-align: justify;\">A partir d&#8217;aquest moment vaig comen\u00e7ar a agrair a totes i cadascuna de les meves experi\u00e8ncies (doloroses). Elles estaven preparant-me per a qui s\u00f3c ara.<\/p>\n<p>&nbsp;<\/p>\n<p style=\"text-align: justify;\">Vaig perdre a la meva mare molt jove, quan ella nom\u00e9s tenia 50 anys. Aquesta p\u00e8rdua em va fer veure, anys despr\u00e9s, un missatge vital per a mi: &#8220;Filla, viu!, deixa anar llast i crea la vida que mereixes. Jo no he sabut fer-ho millor&#8221;. S\u00e9 que ho va fer de la millor manera que va saber.<\/p>\n<p>&nbsp;<\/p>\n<p style=\"text-align: justify;\">Jo, vaig aprofitar el seu missatge i ho vaig fer, vaig aprendre a deixar anar totes la creences que em limitaven, transformant-les en creences que em potenciaven. Vaig aprendre a con\u00e8ixer el vocabulari del meu cos, a escoltar-lo. Vaig aprendre a veure en els meus fills les meves necessitats i les meves frustracions, i al costat d&#8217;ells les vaig integrar. Vaig ser capa\u00e7 de sanar la relaci\u00f3 que tenia amb els homes, comen\u00e7ant amb la que tenia amb el meu pare. De petita solia esperar les seves mostres d&#8217;afecte i la seva acceptaci\u00f3. Aix\u00f2 em va conduir a buscar homes que em feien sentir el mateix.<\/p>\n<p>[\/vc_column_text][\/vc_column_inner][vc_column_inner width=&#8221;1\/2&#8243;][vc_single_image image=&#8221;17136&#8243; img_size=&#8221;full&#8221; alignment=&#8221;right&#8221; qode_css_animation=&#8221;&#8221;][\/vc_column_inner][\/vc_row_inner][vc_row_inner row_type=&#8221;row&#8221; type=&#8221;full_width&#8221; text_align=&#8221;left&#8221; css_animation=&#8221;&#8221; padding_bottom=&#8221;50&#8243;][vc_column_inner][vc_column_text]<\/p>\n<p style=\"text-align: justify;\">Vaig acceptar que el meu pare tenia les seves mancances i les seves qualitats i que ell em donava el que tenia, ja que no era posible que compart\u00eds el qu\u00e8 no tenia. Vaig comen\u00e7ar a donar-li tot el que jo sentia que em faltava, i ja en la meva adolesc\u00e8ncia va comen\u00e7ar una relaci\u00f3 d&#8217;acceptaci\u00f3 pare &#8211; filla preciosa. D&#8217;aquesta manera va comen\u00e7ar el meu descobriment sobre com les dones del meu clan es relacionaven desde de la no acceptaci\u00f3 de la part masculina, elles no permetien que els homes tinguessin el seu lloc. Un treball preci\u00f3s que em va costar dos divorcis i un fill de cadascun d&#8217;ells, i pels quals sento un profund agra\u00efment. Han estat i s\u00f3n els homes que m&#8217;han perm\u00e8s cr\u00e9ixer com a dona: amb ells he decidit ser mare i cap a ells en guardo amor sincer.<\/p>\n<p>&nbsp;<\/p>\n<p style=\"text-align: justify;\">Amb tota la meva experi\u00e8ncia de vida he constru\u00eft i descobert el qu\u00e8 puc dir que s\u00f3c ara, una persona en la seva ess\u00e8ncia, preparada per a la vida, per a tot el que ella vulgui i oberta a descobrir i aprendre cada dia m\u00e9s de mi.<\/p>\n<p>&nbsp;<\/p>\n<p style=\"text-align: justify;\">Honro als meus pares per la seva tasca i els dono les gr\u00e0cies amb tot el meu amor.<br \/>\nSense vosaltres aix\u00f2 no seria possible.<\/p>\n<p>[\/vc_column_text][\/vc_column_inner][\/vc_row_inner][\/vc_column][\/vc_row][vc_row css_animation=&#8221;&#8221; row_type=&#8221;row&#8221; use_row_as_full_screen_section=&#8221;no&#8221; type=&#8221;grid&#8221; angled_section=&#8221;no&#8221; text_align=&#8221;center&#8221; background_image_as_pattern=&#8221;without_pattern&#8221; css=&#8221;.vc_custom_1738777510173{background-color: #f4f4f4 !important;}&#8221; z_index=&#8221;&#8221; padding_top=&#8221;90&#8243; padding_bottom=&#8221;90&#8243;][vc_column][vc_row_inner row_type=&#8221;row&#8221; type=&#8221;grid&#8221; text_align=&#8221;center&#8221; css_animation=&#8221;&#8221;][vc_column_inner width=&#8221;1\/6&#8243;][\/vc_column_inner][vc_column_inner width=&#8221;2\/3&#8243;][vc_column_text css=&#8221;&#8221;]<\/p>\n<h2 style=\"text-align: center;\">Els meus clients opinen<\/h2>\n<p>[\/vc_column_text][vc_empty_space][vc_raw_html css=&#8221;&#8221;]JTVCdHJ1c3RpbmRleCUyMG5vLXJlZ2lzdHJhdGlvbiUzRGdvb2dsZSU1RA==[\/vc_raw_html][vc_empty_space]<a  itemprop=\"url\" href=\"https:\/\/www.google.com\/search?num=10&#038;client=safari&#038;sca_esv=8b75abeabf827e33&#038;sxsrf=AHTn8zr3HaG8hU42meL96CWDGmO_dCCz9w:1738777432824&#038;q=Gemma+Anfrons+Balat+Tu+eres+el+cambio&#038;si=APYL9bs7Hg2KMLB-4tSoTdxuOx8BdRvHbByC_AuVpNyh0x2KzWN99ItOwaRYafdfoZX9-Eyg7hWzH1W7f6cPaK7VA2o7LHnFIMF8TCoBB1JuJqGQ8Hk1lfM%3D&#038;uds=ABqPDvxCXa1vhCkwiizzlURqDexlAkaAFeg21jrLMR197NBIRTcaWtvENTyxsf4z-qGvp_SYRisuR-VzTLK_Q_Qv4wB9qEHq4hBSgZ2mL09BAYkhXAuTm5JLwn62l_Q5Mn84q_3688gI1beMyDCWUupBvGupc6i2Dw&#038;sa=X&#038;ved=2ahUKEwiC_-fZiq2LAxVhVaQEHSi5ACkQ3PALegQIFxAE&#038;biw=2236&#038;bih=1114&#038;dpr=2\" target=\"_blank\" data-hover-background-color=\"#f9f9f9\" data-hover-border-color=\"#f9f9f9\" data-hover-color=\"#000000\" class=\"qbutton  default\" style=\"color: #000000; border-color: #ffffff; background-color:#ffffff;\">VEURE TOTES LES RESSENYES A GOOGLE<\/a>[\/vc_column_inner][vc_column_inner width=&#8221;1\/6&#8243;][\/vc_column_inner][\/vc_row_inner][\/vc_column][\/vc_row][vc_row css_animation=&#8221;&#8221; row_type=&#8221;row&#8221; use_row_as_full_screen_section=&#8221;no&#8221; type=&#8221;grid&#8221; angled_section=&#8221;no&#8221; text_align=&#8221;left&#8221; background_image_as_pattern=&#8221;without_pattern&#8221; background_color=&#8221;#dd3333&#8243; z_index=&#8221;&#8221; el_class=&#8221;call-to-action-degradat&#8221;][vc_column][vc_row_inner row_type=&#8221;row&#8221; type=&#8221;full_width&#8221; text_align=&#8221;center&#8221; css_animation=&#8221;&#8221; padding=&#8221;5&#8243;][vc_column_inner width=&#8221;3\/4&#8243;][vc_separator type=&#8221;transparent&#8221; up=&#8221;46&#8243; down=&#8221;0&#8243;][vc_column_text]<\/p>\n<h4><span style=\"color: #ffffff;\">Necessites assessorament personalitzat?<\/span><\/h4>\n<p>[\/vc_column_text][\/vc_column_inner][vc_column_inner width=&#8221;1\/4&#8243;][vc_separator type=&#8221;transparent&#8221; up=&#8221;38&#8243; down=&#8221;0&#8243;]<a  itemprop=\"url\" href=\"\/ca\/contacte\" target=\"_self\" data-hover-background-color=\"#f9f9f9\" data-hover-border-color=\"#f9f9f9\" data-hover-color=\"#000000\" class=\"qbutton  default\" style=\"color: #000000; border-color: #ffffff; background-color:#ffffff;\">CONTACTA AMB MI<\/a>[vc_separator type=&#8221;transparent&#8221; up=&#8221;42&#8243; down=&#8221;0&#8243;][\/vc_column_inner][\/vc_row_inner][\/vc_column][\/vc_row]<\/p>\n<\/div>","protected":false},"excerpt":{"rendered":"<p>[vc_row css_animation=&#8221;&#8221; row_type=&#8221;row&#8221; use_row_as_full_screen_section=&#8221;no&#8221; type=&#8221;grid&#8221; angled_section=&#8221;no&#8221; text_align=&#8221;left&#8221; background_image_as_pattern=&#8221;without_pattern&#8221; padding_top=&#8221;75&#8243; padding_bottom=&#8221;0&#8243; anchor=&#8221;portfolio&#8221; background_color=&#8221;#ffffff&#8221; border_color=&#8221;#eeeeee&#8221; z_index=&#8221;&#8221;][vc_column][vc_row_inner row_type=&#8221;row&#8221; type=&#8221;full_width&#8221; text_align=&#8221;left&#8221; css_animation=&#8221;&#8221; padding_bottom=&#8221;20&#8243;][vc_column_inner width=&#8221;1\/2&#8243;][vc_column_text] Qui s\u00f3c? [\/vc_column_text][vc_separator type=&#8221;transparent&#8221; up=&#8221;12&#8243; down=&#8221;0&#8243;][vc_column_text css=&#8221;.vc_custom_1576598767828{padding-bottom: 20px !important;}&#8221;] M\u00e9s que qui s\u00f3c, diria que qui \u00e9s el meu personatge. &nbsp; El meu nom \u00e9s&#8230;<\/p>\n","protected":false},"author":1,"featured_media":0,"parent":0,"menu_order":0,"comment_status":"open","ping_status":"open","template":"full_width.php","meta":{"_monsterinsights_skip_tracking":false,"_monsterinsights_sitenote_active":false,"_monsterinsights_sitenote_note":"","_monsterinsights_sitenote_category":0,"_uf_show_specific_survey":0,"_uf_disable_surveys":false,"_joinchat":[],"footnotes":""},"class_list":["post-16935","page","type-page","status-publish","hentry"],"yoast_head":"<!-- This site is optimized with the Yoast SEO plugin v27.4 - https:\/\/yoast.com\/product\/yoast-seo-wordpress\/ -->\n<title>Sobre mi - Tu eres el cambio<\/title>\n<meta name=\"robots\" content=\"index, follow, max-snippet:-1, max-image-preview:large, max-video-preview:-1\" \/>\n<link rel=\"canonical\" href=\"https:\/\/tuereselcambio.es\/ca\/sobre-mi\/\" \/>\n<meta property=\"og:locale\" content=\"ca_ES\" \/>\n<meta property=\"og:type\" content=\"article\" \/>\n<meta property=\"og:title\" content=\"Sobre mi - Tu eres el cambio\" \/>\n<meta property=\"og:description\" content=\"[vc_row css_animation=&#8221;&#8221; row_type=&#8221;row&#8221; use_row_as_full_screen_section=&#8221;no&#8221; type=&#8221;grid&#8221; angled_section=&#8221;no&#8221; text_align=&#8221;left&#8221; background_image_as_pattern=&#8221;without_pattern&#8221; padding_top=&#8221;75&#8243; padding_bottom=&#8221;0&#8243; anchor=&#8221;portfolio&#8221; background_color=&#8221;#ffffff&#8221; border_color=&#8221;#eeeeee&#8221; z_index=&#8221;&#8221;][vc_column][vc_row_inner row_type=&#8221;row&#8221; type=&#8221;full_width&#8221; text_align=&#8221;left&#8221; css_animation=&#8221;&#8221; padding_bottom=&#8221;20&#8243;][vc_column_inner width=&#8221;1\/2&#8243;][vc_column_text] Qui s\u00f3c? [\/vc_column_text][vc_separator type=&#8221;transparent&#8221; up=&#8221;12&#8243; down=&#8221;0&#8243;][vc_column_text css=&#8221;.vc_custom_1576598767828{padding-bottom: 20px !important;}&#8221;] M\u00e9s que qui s\u00f3c, diria que qui \u00e9s el meu personatge. &nbsp; El meu nom \u00e9s...\" \/>\n<meta property=\"og:url\" content=\"https:\/\/tuereselcambio.es\/ca\/sobre-mi\/\" \/>\n<meta property=\"og:site_name\" content=\"Tu eres el cambio\" \/>\n<meta property=\"article:publisher\" content=\"https:\/\/www.facebook.com\/ganfrons\/\" \/>\n<meta property=\"article:modified_time\" content=\"2025-02-05T17:45:15+00:00\" \/>\n<meta property=\"og:image\" content=\"https:\/\/tuereselcambio.es\/wp-content\/uploads\/2019\/10\/logo-1.png\" \/>\n\t<meta property=\"og:image:width\" content=\"338\" \/>\n\t<meta property=\"og:image:height\" content=\"86\" \/>\n\t<meta property=\"og:image:type\" content=\"image\/png\" \/>\n<meta name=\"twitter:card\" content=\"summary_large_image\" \/>\n<meta name=\"twitter:label1\" content=\"Temps estimat de lectura\" \/>\n\t<meta name=\"twitter:data1\" content=\"4 minuts\" \/>\n<script type=\"application\/ld+json\" class=\"yoast-schema-graph\">{\"@context\":\"https:\\\/\\\/schema.org\",\"@graph\":[{\"@type\":\"WebPage\",\"@id\":\"https:\\\/\\\/tuereselcambio.es\\\/ca\\\/sobre-mi\\\/\",\"url\":\"https:\\\/\\\/tuereselcambio.es\\\/ca\\\/sobre-mi\\\/\",\"name\":\"Sobre mi - Tu eres el cambio\",\"isPartOf\":{\"@id\":\"https:\\\/\\\/tuereselcambio.es\\\/#website\"},\"datePublished\":\"2014-05-06T08:30:14+00:00\",\"dateModified\":\"2025-02-05T17:45:15+00:00\",\"breadcrumb\":{\"@id\":\"https:\\\/\\\/tuereselcambio.es\\\/ca\\\/sobre-mi\\\/#breadcrumb\"},\"inLanguage\":\"ca\",\"potentialAction\":[{\"@type\":\"ReadAction\",\"target\":[\"https:\\\/\\\/tuereselcambio.es\\\/ca\\\/sobre-mi\\\/\"]}]},{\"@type\":\"BreadcrumbList\",\"@id\":\"https:\\\/\\\/tuereselcambio.es\\\/ca\\\/sobre-mi\\\/#breadcrumb\",\"itemListElement\":[{\"@type\":\"ListItem\",\"position\":1,\"name\":\"Portada\",\"item\":\"https:\\\/\\\/tuereselcambio.es\\\/ca\\\/\"},{\"@type\":\"ListItem\",\"position\":2,\"name\":\"Sobre mi\"}]},{\"@type\":\"WebSite\",\"@id\":\"https:\\\/\\\/tuereselcambio.es\\\/#website\",\"url\":\"https:\\\/\\\/tuereselcambio.es\\\/\",\"name\":\"Gemma Anfrons - Tu eres el cambio\",\"description\":\"Gemma Anfrons - Tu eres el cambio\",\"publisher\":{\"@id\":\"https:\\\/\\\/tuereselcambio.es\\\/#organization\"},\"potentialAction\":[{\"@type\":\"SearchAction\",\"target\":{\"@type\":\"EntryPoint\",\"urlTemplate\":\"https:\\\/\\\/tuereselcambio.es\\\/?s={search_term_string}\"},\"query-input\":{\"@type\":\"PropertyValueSpecification\",\"valueRequired\":true,\"valueName\":\"search_term_string\"}}],\"inLanguage\":\"ca\"},{\"@type\":\"Organization\",\"@id\":\"https:\\\/\\\/tuereselcambio.es\\\/#organization\",\"name\":\"Gemma Anfrons - Tu eres el cambio\",\"url\":\"https:\\\/\\\/tuereselcambio.es\\\/\",\"logo\":{\"@type\":\"ImageObject\",\"inLanguage\":\"ca\",\"@id\":\"https:\\\/\\\/tuereselcambio.es\\\/#\\\/schema\\\/logo\\\/image\\\/\",\"url\":\"http:\\\/\\\/tuereselcambio.es\\\/wp-content\\\/uploads\\\/2019\\\/10\\\/logo-1.png\",\"contentUrl\":\"http:\\\/\\\/tuereselcambio.es\\\/wp-content\\\/uploads\\\/2019\\\/10\\\/logo-1.png\",\"width\":338,\"height\":86,\"caption\":\"Gemma Anfrons - Tu eres el cambio\"},\"image\":{\"@id\":\"https:\\\/\\\/tuereselcambio.es\\\/#\\\/schema\\\/logo\\\/image\\\/\"},\"sameAs\":[\"https:\\\/\\\/www.facebook.com\\\/ganfrons\\\/\",\"https:\\\/\\\/www.instagram.com\\\/gemma_anfrons\\\/\"]}]}<\/script>\n<!-- \/ Yoast SEO plugin. -->","yoast_head_json":{"title":"Sobre mi - Tu eres el cambio","robots":{"index":"index","follow":"follow","max-snippet":"max-snippet:-1","max-image-preview":"max-image-preview:large","max-video-preview":"max-video-preview:-1"},"canonical":"https:\/\/tuereselcambio.es\/ca\/sobre-mi\/","og_locale":"ca_ES","og_type":"article","og_title":"Sobre mi - Tu eres el cambio","og_description":"[vc_row css_animation=&#8221;&#8221; row_type=&#8221;row&#8221; use_row_as_full_screen_section=&#8221;no&#8221; type=&#8221;grid&#8221; angled_section=&#8221;no&#8221; text_align=&#8221;left&#8221; background_image_as_pattern=&#8221;without_pattern&#8221; padding_top=&#8221;75&#8243; padding_bottom=&#8221;0&#8243; anchor=&#8221;portfolio&#8221; background_color=&#8221;#ffffff&#8221; border_color=&#8221;#eeeeee&#8221; z_index=&#8221;&#8221;][vc_column][vc_row_inner row_type=&#8221;row&#8221; type=&#8221;full_width&#8221; text_align=&#8221;left&#8221; css_animation=&#8221;&#8221; padding_bottom=&#8221;20&#8243;][vc_column_inner width=&#8221;1\/2&#8243;][vc_column_text] Qui s\u00f3c? [\/vc_column_text][vc_separator type=&#8221;transparent&#8221; up=&#8221;12&#8243; down=&#8221;0&#8243;][vc_column_text css=&#8221;.vc_custom_1576598767828{padding-bottom: 20px !important;}&#8221;] M\u00e9s que qui s\u00f3c, diria que qui \u00e9s el meu personatge. &nbsp; El meu nom \u00e9s...","og_url":"https:\/\/tuereselcambio.es\/ca\/sobre-mi\/","og_site_name":"Tu eres el cambio","article_publisher":"https:\/\/www.facebook.com\/ganfrons\/","article_modified_time":"2025-02-05T17:45:15+00:00","og_image":[{"width":338,"height":86,"url":"https:\/\/tuereselcambio.es\/wp-content\/uploads\/2019\/10\/logo-1.png","type":"image\/png"}],"twitter_card":"summary_large_image","twitter_misc":{"Temps estimat de lectura":"4 minuts"},"schema":{"@context":"https:\/\/schema.org","@graph":[{"@type":"WebPage","@id":"https:\/\/tuereselcambio.es\/ca\/sobre-mi\/","url":"https:\/\/tuereselcambio.es\/ca\/sobre-mi\/","name":"Sobre mi - Tu eres el cambio","isPartOf":{"@id":"https:\/\/tuereselcambio.es\/#website"},"datePublished":"2014-05-06T08:30:14+00:00","dateModified":"2025-02-05T17:45:15+00:00","breadcrumb":{"@id":"https:\/\/tuereselcambio.es\/ca\/sobre-mi\/#breadcrumb"},"inLanguage":"ca","potentialAction":[{"@type":"ReadAction","target":["https:\/\/tuereselcambio.es\/ca\/sobre-mi\/"]}]},{"@type":"BreadcrumbList","@id":"https:\/\/tuereselcambio.es\/ca\/sobre-mi\/#breadcrumb","itemListElement":[{"@type":"ListItem","position":1,"name":"Portada","item":"https:\/\/tuereselcambio.es\/ca\/"},{"@type":"ListItem","position":2,"name":"Sobre mi"}]},{"@type":"WebSite","@id":"https:\/\/tuereselcambio.es\/#website","url":"https:\/\/tuereselcambio.es\/","name":"Gemma Anfrons - Tu eres el cambio","description":"Gemma Anfrons - Tu eres el cambio","publisher":{"@id":"https:\/\/tuereselcambio.es\/#organization"},"potentialAction":[{"@type":"SearchAction","target":{"@type":"EntryPoint","urlTemplate":"https:\/\/tuereselcambio.es\/?s={search_term_string}"},"query-input":{"@type":"PropertyValueSpecification","valueRequired":true,"valueName":"search_term_string"}}],"inLanguage":"ca"},{"@type":"Organization","@id":"https:\/\/tuereselcambio.es\/#organization","name":"Gemma Anfrons - Tu eres el cambio","url":"https:\/\/tuereselcambio.es\/","logo":{"@type":"ImageObject","inLanguage":"ca","@id":"https:\/\/tuereselcambio.es\/#\/schema\/logo\/image\/","url":"https:\/\/tuereselcambio.es\/wp-content\/uploads\/2019\/10\/logo-1.png","contentUrl":"https:\/\/tuereselcambio.es\/wp-content\/uploads\/2019\/10\/logo-1.png","width":338,"height":86,"caption":"Gemma Anfrons - Tu eres el cambio"},"image":{"@id":"https:\/\/tuereselcambio.es\/#\/schema\/logo\/image\/"},"sameAs":["https:\/\/www.facebook.com\/ganfrons\/","https:\/\/www.instagram.com\/gemma_anfrons\/"]}]}},"_links":{"self":[{"href":"https:\/\/tuereselcambio.es\/ca\/wp-json\/wp\/v2\/pages\/16935","targetHints":{"allow":["GET"]}}],"collection":[{"href":"https:\/\/tuereselcambio.es\/ca\/wp-json\/wp\/v2\/pages"}],"about":[{"href":"https:\/\/tuereselcambio.es\/ca\/wp-json\/wp\/v2\/types\/page"}],"author":[{"embeddable":true,"href":"https:\/\/tuereselcambio.es\/ca\/wp-json\/wp\/v2\/users\/1"}],"replies":[{"embeddable":true,"href":"https:\/\/tuereselcambio.es\/ca\/wp-json\/wp\/v2\/comments?post=16935"}],"version-history":[{"count":20,"href":"https:\/\/tuereselcambio.es\/ca\/wp-json\/wp\/v2\/pages\/16935\/revisions"}],"predecessor-version":[{"id":17374,"href":"https:\/\/tuereselcambio.es\/ca\/wp-json\/wp\/v2\/pages\/16935\/revisions\/17374"}],"wp:attachment":[{"href":"https:\/\/tuereselcambio.es\/ca\/wp-json\/wp\/v2\/media?parent=16935"}],"curies":[{"name":"wp","href":"https:\/\/api.w.org\/{rel}","templated":true}]}}