{"id":17207,"date":"2022-01-25T14:55:25","date_gmt":"2022-01-25T13:55:25","guid":{"rendered":"https:\/\/tuereselcambio.es\/servicios\/"},"modified":"2026-01-12T13:59:22","modified_gmt":"2026-01-12T12:59:22","slug":"serveis","status":"publish","type":"page","link":"https:\/\/tuereselcambio.es\/ca\/serveis\/","title":{"rendered":"Serveis"},"content":{"rendered":"<div class=\"wpb-content-wrapper\"><p>[vc_row css_animation=&#8221;&#8221; row_type=&#8221;row&#8221; use_row_as_full_screen_section=&#8221;no&#8221; type=&#8221;grid&#8221; angled_section=&#8221;no&#8221; text_align=&#8221;left&#8221; background_image_as_pattern=&#8221;without_pattern&#8221; padding_top=&#8221;57&#8243; padding_bottom=&#8221;60&#8243; anchor=&#8221;portfolio&#8221; background_color=&#8221;#ffffff&#8221; border_color=&#8221;#efefef&#8221; z_index=&#8221;&#8221;][vc_column][vc_row_inner row_type=&#8221;row&#8221; type=&#8221;full_width&#8221; text_align=&#8221;left&#8221; css_animation=&#8221;&#8221;][vc_column_inner width=&#8221;1\/3&#8243;][vc_single_image image=&#8221;16825&#8243; img_size=&#8221;full&#8221; qode_css_animation=&#8221;element_from_fade&#8221; transition_delay=&#8221;0.3&#8243;][vc_separator type=&#8221;transparent&#8221; up=&#8221;25&#8243; down=&#8221;8&#8243;][vc_column_text]<\/p>\n<h3 style=\"text-align: left;\"><span style=\"color: #764a97;\"><strong>MASTER EN PNL (Programaci\u00f3 Neuroling\u00fc\u00edstica)<\/strong><\/span><\/h3>\n<p>[\/vc_column_text][vc_separator type=&#8221;transparent&#8221; up=&#8221;11&#8243; down=&#8221;0&#8243;][vc_column_text]<\/p>\n<ul>\n<li style=\"text-align: left;\">Per a mi \u00e9s una de les millors formacions i la que m\u00e9s em va ajudar a modelar, con\u00e8ixer, modificar i integrar la meva manera de crear el meu dia a dia.<\/li>\n<li style=\"text-align: left;\">Descobrir que la nostra manera de parlar-nos a nosaltres mateixos i als altres creava la realitat en la qual vivim, va fer que canvi\u00e9s la meva manera de comunicar-me, i aix\u00f2 em va donar la for\u00e7a i el poder per a tenir els resultats que jo volia.<\/li>\n<li style=\"text-align: left;\">Poder ajudar a les persones que acompanyo a descobrir on estan els seus frens i les seves barreres \u00e9s magn\u00edfic, canviant el seu di\u00e0leg modifiquen la seva vida i els resultats d&#8217;aquesta.<\/li>\n<li style=\"text-align: left;\">La nostra ment i els nostres pensaments ens pertanyen, podem utilitzar-los en la nostra contra o per al nostre benefici, ja que som el que creiem que som.<\/li>\n<\/ul>\n<p>[\/vc_column_text][vc_separator type=&#8221;transparent&#8221; up=&#8221;25&#8243; down=&#8221;0&#8243;][vc_separator type=&#8221;normal&#8221; color=&#8221;#774997&#8243; up=&#8221;5&#8243; down=&#8221;5&#8243;][vc_column_text]<\/p>\n<blockquote><p><span style=\"color: #774997;\"><em>\u201cAl final la vida sol et d\u00f3na el que tu sents que mereixes\u201d<\/em><\/span><\/p><\/blockquote>\n<p>[\/vc_column_text][vc_separator type=&#8221;normal&#8221; color=&#8221;#774997&#8243; up=&#8221;5&#8243; down=&#8221;5&#8243;][vc_separator type=&#8221;transparent&#8221; up=&#8221;63&#8243; down=&#8221;0&#8243;][\/vc_column_inner][vc_column_inner width=&#8221;1\/3&#8243;][vc_single_image image=&#8221;16834&#8243; img_size=&#8221;full&#8221; qode_css_animation=&#8221;element_from_fade&#8221; transition_delay=&#8221;0.6&#8243;][vc_separator type=&#8221;transparent&#8221; up=&#8221;25&#8243; down=&#8221;8&#8243;][vc_column_text]<\/p>\n<h3 style=\"text-align: left;\"><span style=\"color: #764a97;\"><strong>DBO (Descodificaci\u00f3 Biol\u00f2gica)<\/strong><\/span><\/h3>\n<p>[\/vc_column_text][vc_separator type=&#8221;transparent&#8221; up=&#8221;11&#8243; down=&#8221;0&#8243;][vc_column_text]<\/p>\n<ul>\n<li style=\"text-align: left;\">Descobrir els codis gen\u00e8tics emocionals que tenim integrats del nostre llinatge, ens ajuda a posar llum a les nostres ombres.<\/li>\n<li style=\"text-align: left;\">Davant d&#8217;una situaci\u00f3 estressant cadascun de nosaltres t\u00e9 una forma de reacci\u00f3 diferent, depenent de la informaci\u00f3 emocional de llinatge familiar. Junts indaguem en el seu llinatge per a descobrir les formes i maneres que fan que, davant d&#8217;algunes situacions, tinguem la tend\u00e8ncia a reaccionar igual.<\/li>\n<li style=\"text-align: left;\">El cos i els seus s\u00edmptomes s\u00f3n la manera en la qual ens comuniquem amb nosaltres mateixos. \u00c9s el recurs necessari que t\u00e9 el cos f\u00edsic per a ajudar-nos a sortir de situacions que nosaltres, desde de la part conscient, no sabem resoldre.<\/li>\n<li style=\"text-align: left;\">Donant-nos perm\u00eds per escoltar el cos tamb\u00e9 donem perm\u00eds al fet que s&#8217;expressi i li donem l&#8217;amor i la mirada que mereix.<\/li>\n<\/ul>\n<p>[\/vc_column_text][vc_separator type=&#8221;transparent&#8221; up=&#8221;25&#8243; down=&#8221;0&#8243;][vc_separator type=&#8221;normal&#8221; color=&#8221;#774997&#8243; up=&#8221;5&#8243; down=&#8221;5&#8243;][vc_column_text]<\/p>\n<blockquote><p><span style=\"color: #774997;\"><em>\u201cLes malalties s\u00f3n una manera de demanar-nos un canvi important en la manera d&#8217;estar en la vida\u201d<\/em><\/span><\/p><\/blockquote>\n<p>[\/vc_column_text][vc_separator type=&#8221;normal&#8221; color=&#8221;#774997&#8243; up=&#8221;5&#8243; down=&#8221;5&#8243;][vc_separator type=&#8221;transparent&#8221; up=&#8221;63&#8243; down=&#8221;0&#8243;][\/vc_column_inner][vc_column_inner width=&#8221;1\/3&#8243;][vc_single_image image=&#8221;16828&#8243; img_size=&#8221;full&#8221; qode_css_animation=&#8221;element_from_fade&#8221; transition_delay=&#8221;0.9&#8243;][vc_separator type=&#8221;transparent&#8221; up=&#8221;25&#8243; down=&#8221;8&#8243;][vc_column_text]<\/p>\n<h3 style=\"text-align: left;\"><span style=\"color: #764a97;\"><strong>COACHING DE PARELLA Y DEPEND\u00c8NCIA EMOCIONAL<\/strong><\/span><\/h3>\n<p>[\/vc_column_text][vc_separator type=&#8221;transparent&#8221; up=&#8221;11&#8243; down=&#8221;0&#8243;][vc_column_text]<\/p>\n<ul>\n<li style=\"text-align: left;\">Per a mi el coaching \u00e9s l&#8217;art d&#8217;acompanyar a la persona a ser feli\u00e7, a trobar el sentit de la seva vida, la seva plenitud i potenciar el seu creixement personal desenvolupant el seu cor, per a alinear el seu cap amb les seves accions Coher\u00e8ncia!<\/li>\n<li style=\"text-align: left;\">Potenciant l&#8217;autoestima ens trobem amb qui som en realitat. Nom\u00e9s des d&#8217;aqu\u00ed podem triar sense necessitats i desde la lliure elecci\u00f3.<\/li>\n<li style=\"text-align: left;\">Ser, fer, tenir.<\/li>\n<li style=\"text-align: left;\">La depend\u00e8ncia emocional ens ajuda a veure les nostres mancances o creences de mancan\u00e7a. Acceptant-les podem canviar aquesta informaci\u00f3 per a poder comen\u00e7ar a relacionar-nos d&#8217;una altra manera.<\/li>\n<\/ul>\n<p>[\/vc_column_text][vc_separator type=&#8221;transparent&#8221; up=&#8221;25&#8243; down=&#8221;0&#8243;][vc_separator type=&#8221;normal&#8221; color=&#8221;#774997&#8243; up=&#8221;5&#8243; down=&#8221;5&#8243;][vc_column_text]<\/p>\n<blockquote><p><span style=\"color: #774997;\"><em>Sents que els altres no et volen, no et valoren?<\/em><\/span><br \/>\n<span style=\"color: #774997;\"><em>Mira com t&#8217;estimes, et respectes i et valores tu!<\/em><\/span><\/p><\/blockquote>\n<p>[\/vc_column_text][vc_separator type=&#8221;normal&#8221; color=&#8221;#774997&#8243; up=&#8221;5&#8243; down=&#8221;5&#8243;][vc_separator type=&#8221;transparent&#8221; up=&#8221;63&#8243; down=&#8221;0&#8243;][\/vc_column_inner][\/vc_row_inner][vc_row_inner row_type=&#8221;row&#8221; type=&#8221;full_width&#8221; text_align=&#8221;left&#8221; css_animation=&#8221;&#8221;][vc_column_inner width=&#8221;1\/3&#8243;][vc_single_image image=&#8221;16837&#8243; img_size=&#8221;full&#8221; qode_css_animation=&#8221;element_from_fade&#8221; transition_delay=&#8221;0.3&#8243;][vc_separator type=&#8221;transparent&#8221; up=&#8221;25&#8243; down=&#8221;8&#8243;][vc_column_text css=&#8221;&#8221;]<\/p>\n<h3 style=\"text-align: left;\"><span style=\"color: #764a97;\"><strong>TALLERS, RETIRS I VIATGES AL CANVI<\/strong><\/span><\/h3>\n<p>[\/vc_column_text][vc_separator type=&#8221;transparent&#8221; up=&#8221;11&#8243; down=&#8221;0&#8243;][vc_column_text]<\/p>\n<ul>\n<li>En ells, aprofitant l&#8217;energia del grup i les seves experi\u00e8ncies, descobrim, creixem i integrem.<\/li>\n<li>Sempre s\u00f3n un regal les experi\u00e8ncies en grup.<\/li>\n<\/ul>\n<p>[\/vc_column_text][vc_empty_space height=&#8221;20px&#8221;]<a  itemprop=\"url\" href=\"\/ca\/retir-al-canvi\/\" target=\"_self\" data-hover-border-color=\"#1e73be\" data-hover-color=\"#FFFFFF\" class=\"qbutton  small center white enlarge\" style=\"color: #FFFFFF; border-color: #1e73be; background-color:#1e73be;\">Retir al canvi al Montnegre<i class=\"qode_icon_font_awesome fa fa-angle-right qode_button_icon_element\"><\/i><\/a>[vc_separator type=&#8221;transparent&#8221; up=&#8221;63&#8243; down=&#8221;0&#8243;][\/vc_column_inner][vc_column_inner width=&#8221;1\/3&#8243;][vc_single_image image=&#8221;16845&#8243; img_size=&#8221;full&#8221; qode_css_animation=&#8221;element_from_fade&#8221; transition_delay=&#8221;0.6&#8243;][vc_separator type=&#8221;transparent&#8221; up=&#8221;25&#8243; down=&#8221;8&#8243;][vc_column_text]<\/p>\n<h3 style=\"text-align: left;\"><span style=\"color: #764a97;\"><strong>ASSESSORIES INDIVIDUALS<\/strong><\/span><\/h3>\n<p>[\/vc_column_text][vc_separator type=&#8221;transparent&#8221; up=&#8221;11&#8243; down=&#8221;0&#8243;][vc_column_text]<\/p>\n<ul>\n<li>Marquem junts un pla de treball en 30 minuts.<\/li>\n<li>Farem un viatge on deixarem anar tot lo vell, i tornarem amb les eines i recursos per a crear tot lo nou.<\/li>\n<\/ul>\n<p>[\/vc_column_text][vc_empty_space height=&#8221;20px&#8221;]<a  itemprop=\"url\" href=\"https:\/\/buy.stripe.com\/5kA4gT4Koa8qfccbIJ\" target=\"_blank\" data-hover-border-color=\"#1e73be\" data-hover-color=\"#FFFFFF\" class=\"qbutton  small center white enlarge\" style=\"color: #FFFFFF; border-color: #1e73be; background-color:#1e73be;\">Compra una assessoria de 30 minuts<i class=\"qode_icon_font_awesome fa fa-angle-right qode_button_icon_element\"><\/i><\/a>[vc_empty_space height=&#8221;20px&#8221;][\/vc_column_inner][vc_column_inner width=&#8221;1\/3&#8243;][vc_single_image image=&#8221;16842&#8243; img_size=&#8221;full&#8221; qode_css_animation=&#8221;element_from_fade&#8221; transition_delay=&#8221;0.9&#8243;][vc_separator type=&#8221;transparent&#8221; up=&#8221;25&#8243; down=&#8221;8&#8243;][vc_column_text]<\/p>\n<h3 style=\"text-align: left;\"><span style=\"color: #764a97;\"><strong>INTEL\u00b7LIG\u00c8NCIA EMOCIONAL<\/strong><\/span><\/h3>\n<h3 style=\"text-align: left;\"><span style=\"color: #764a97;\"><strong>\u00a0<\/strong><\/span><\/h3>\n<p>[\/vc_column_text][vc_separator type=&#8221;transparent&#8221; up=&#8221;11&#8243; down=&#8221;0&#8243;][vc_column_text]<\/p>\n<ul>\n<li>La capacitat de comprendre, sentir, identificar i dominar les emocions, per a poder tenir un equilibri que ens faciliti en la relaci\u00f3 amb els altres.<br \/>\nLa persona amb intel\u00b7lig\u00e8ncia emocional es fa responsable de les seves relacions, li podr\u00edem dir madur emocional.<\/li>\n<\/ul>\n<p>[\/vc_column_text][vc_separator type=&#8221;transparent&#8221; up=&#8221;63&#8243; down=&#8221;0&#8243;][vc_separator type=&#8221;transparent&#8221; up=&#8221;63&#8243; down=&#8221;0&#8243;][\/vc_column_inner][\/vc_row_inner][vc_row_inner row_type=&#8221;row&#8221; type=&#8221;full_width&#8221; text_align=&#8221;left&#8221; css_animation=&#8221;&#8221;][vc_column_inner width=&#8221;1\/3&#8243;][vc_single_image image=&#8221;16839&#8243; img_size=&#8221;full&#8221; css=&#8221;&#8221; qode_css_animation=&#8221;element_from_fade&#8221; transition_delay=&#8221;0.3&#8243;][vc_separator type=&#8221;transparent&#8221; up=&#8221;11&#8243; down=&#8221;0&#8243;][vc_column_text css=&#8221;&#8221;]<\/p>\n<h3 style=\"text-align: left;\"><span style=\"color: #764a97;\"><strong>ESDEVENIMENTS GRATUITS<\/strong><\/span><\/h3>\n<p>[\/vc_column_text][vc_separator type=&#8221;transparent&#8221; up=&#8221;11&#8243; down=&#8221;0&#8243;][vc_column_text css=&#8221;&#8221;]<\/p>\n<ul>\n<li>Espais per a compartir e\u00efnes que t&#8217;ajudin en el teu desenvolupament i en la pressa de conci\u00e8ncia de qui ets.<\/li>\n<li>Aprofita aquests regals.<\/li>\n<\/ul>\n<p>[\/vc_column_text][vc_empty_space height=&#8221;20 px&#8221;]<a  itemprop=\"url\" href=\"https:\/\/tuereselcambio.es\/ca\/labundancia-de-ser\/\" target=\"_self\" data-hover-border-color=\"#1E73BE\" data-hover-color=\"#FFFFFF\" class=\"qbutton  small center white enlarge\" style=\"color: #FFFFFF; border-color: #1E73BE; background-color:#1E73BE;\">L'Abundancia de Ser<i class=\"qode_icon_font_awesome fa fa-angle-right qode_button_icon_element\" style=\"color: #00000000\"><\/i><\/a>[\/vc_column_inner][\/vc_row_inner][\/vc_column][\/vc_row][vc_row css_animation=&#8221;&#8221; row_type=&#8221;row&#8221; use_row_as_full_screen_section=&#8221;no&#8221; type=&#8221;grid&#8221; angled_section=&#8221;no&#8221; text_align=&#8221;left&#8221; background_image_as_pattern=&#8221;without_pattern&#8221; background_color=&#8221;#dd3333&#8243; z_index=&#8221;&#8221; el_class=&#8221;call-to-action-degradat&#8221;][vc_column][vc_row_inner row_type=&#8221;row&#8221; type=&#8221;full_width&#8221; text_align=&#8221;center&#8221; css_animation=&#8221;&#8221; padding=&#8221;5&#8243;][vc_column_inner width=&#8221;3\/4&#8243;][vc_separator type=&#8221;transparent&#8221; up=&#8221;46&#8243; down=&#8221;0&#8243;][vc_column_text]<\/p>\n<h4><span style=\"color: #ffffff;\">\u00bfNecesitas asesoramiento personalizado?<\/span><\/h4>\n<p>[\/vc_column_text][\/vc_column_inner][vc_column_inner width=&#8221;1\/4&#8243;][vc_separator type=&#8221;transparent&#8221; up=&#8221;38&#8243; down=&#8221;0&#8243;]<a  itemprop=\"url\" href=\"\/contacto\" target=\"_self\" data-hover-background-color=\"#f9f9f9\" data-hover-border-color=\"#f9f9f9\" data-hover-color=\"#000000\" class=\"qbutton  default\" style=\"color: #000000; border-color: #ffffff; background-color:#ffffff;\">CONTACTA CONMIGO<\/a>[vc_separator type=&#8221;transparent&#8221; up=&#8221;42&#8243; down=&#8221;0&#8243;][\/vc_column_inner][\/vc_row_inner][\/vc_column][\/vc_row]<\/p>\n<\/div>","protected":false},"excerpt":{"rendered":"<p>[vc_row css_animation=&#8221;&#8221; row_type=&#8221;row&#8221; use_row_as_full_screen_section=&#8221;no&#8221; type=&#8221;grid&#8221; angled_section=&#8221;no&#8221; text_align=&#8221;left&#8221; background_image_as_pattern=&#8221;without_pattern&#8221; padding_top=&#8221;57&#8243; padding_bottom=&#8221;60&#8243; anchor=&#8221;portfolio&#8221; background_color=&#8221;#ffffff&#8221; border_color=&#8221;#efefef&#8221; z_index=&#8221;&#8221;][vc_column][vc_row_inner row_type=&#8221;row&#8221; type=&#8221;full_width&#8221; text_align=&#8221;left&#8221; css_animation=&#8221;&#8221;][vc_column_inner width=&#8221;1\/3&#8243;][vc_single_image image=&#8221;16825&#8243; img_size=&#8221;full&#8221; qode_css_animation=&#8221;element_from_fade&#8221; transition_delay=&#8221;0.3&#8243;][vc_separator type=&#8221;transparent&#8221; up=&#8221;25&#8243; down=&#8221;8&#8243;][vc_column_text] MASTER EN PNL (Programaci\u00f3 Neuroling\u00fc\u00edstica) [\/vc_column_text][vc_separator type=&#8221;transparent&#8221; up=&#8221;11&#8243; down=&#8221;0&#8243;][vc_column_text] Per a mi \u00e9s una de les millors formacions i&#8230;<\/p>\n","protected":false},"author":2,"featured_media":0,"parent":0,"menu_order":0,"comment_status":"closed","ping_status":"closed","template":"full_width.php","meta":{"_monsterinsights_skip_tracking":false,"_monsterinsights_sitenote_active":false,"_monsterinsights_sitenote_note":"","_monsterinsights_sitenote_category":0,"_uf_show_specific_survey":0,"_uf_disable_surveys":false,"_joinchat":[],"footnotes":""},"class_list":["post-17207","page","type-page","status-publish","hentry"],"yoast_head":"<!-- This site is optimized with the Yoast SEO plugin v27.4 - https:\/\/yoast.com\/product\/yoast-seo-wordpress\/ -->\n<title>Serveis - Tu eres el cambio<\/title>\n<meta name=\"robots\" content=\"index, follow, max-snippet:-1, max-image-preview:large, max-video-preview:-1\" \/>\n<link rel=\"canonical\" href=\"https:\/\/tuereselcambio.es\/ca\/serveis\/\" \/>\n<meta property=\"og:locale\" content=\"ca_ES\" \/>\n<meta property=\"og:type\" content=\"article\" \/>\n<meta property=\"og:title\" content=\"Serveis - Tu eres el cambio\" \/>\n<meta property=\"og:description\" content=\"[vc_row css_animation=&#8221;&#8221; row_type=&#8221;row&#8221; use_row_as_full_screen_section=&#8221;no&#8221; type=&#8221;grid&#8221; angled_section=&#8221;no&#8221; text_align=&#8221;left&#8221; background_image_as_pattern=&#8221;without_pattern&#8221; padding_top=&#8221;57&#8243; padding_bottom=&#8221;60&#8243; anchor=&#8221;portfolio&#8221; background_color=&#8221;#ffffff&#8221; border_color=&#8221;#efefef&#8221; z_index=&#8221;&#8221;][vc_column][vc_row_inner row_type=&#8221;row&#8221; type=&#8221;full_width&#8221; text_align=&#8221;left&#8221; css_animation=&#8221;&#8221;][vc_column_inner width=&#8221;1\/3&#8243;][vc_single_image image=&#8221;16825&#8243; img_size=&#8221;full&#8221; qode_css_animation=&#8221;element_from_fade&#8221; transition_delay=&#8221;0.3&#8243;][vc_separator type=&#8221;transparent&#8221; up=&#8221;25&#8243; down=&#8221;8&#8243;][vc_column_text] MASTER EN PNL (Programaci\u00f3 Neuroling\u00fc\u00edstica) [\/vc_column_text][vc_separator type=&#8221;transparent&#8221; up=&#8221;11&#8243; down=&#8221;0&#8243;][vc_column_text] Per a mi \u00e9s una de les millors formacions i...\" \/>\n<meta property=\"og:url\" content=\"https:\/\/tuereselcambio.es\/ca\/serveis\/\" \/>\n<meta property=\"og:site_name\" content=\"Tu eres el cambio\" \/>\n<meta property=\"article:publisher\" content=\"https:\/\/www.facebook.com\/ganfrons\/\" \/>\n<meta property=\"article:modified_time\" content=\"2026-01-12T12:59:22+00:00\" \/>\n<meta property=\"og:image\" content=\"https:\/\/tuereselcambio.es\/wp-content\/uploads\/2019\/10\/logo-1.png\" \/>\n\t<meta property=\"og:image:width\" content=\"338\" \/>\n\t<meta property=\"og:image:height\" content=\"86\" \/>\n\t<meta property=\"og:image:type\" content=\"image\/png\" \/>\n<meta name=\"twitter:card\" content=\"summary_large_image\" \/>\n<meta name=\"twitter:label1\" content=\"Temps estimat de lectura\" \/>\n\t<meta name=\"twitter:data1\" content=\"5 minuts\" \/>\n<script type=\"application\/ld+json\" class=\"yoast-schema-graph\">{\"@context\":\"https:\\\/\\\/schema.org\",\"@graph\":[{\"@type\":\"WebPage\",\"@id\":\"https:\\\/\\\/tuereselcambio.es\\\/ca\\\/serveis\\\/\",\"url\":\"https:\\\/\\\/tuereselcambio.es\\\/ca\\\/serveis\\\/\",\"name\":\"Serveis - Tu eres el cambio\",\"isPartOf\":{\"@id\":\"https:\\\/\\\/tuereselcambio.es\\\/#website\"},\"datePublished\":\"2022-01-25T13:55:25+00:00\",\"dateModified\":\"2026-01-12T12:59:22+00:00\",\"breadcrumb\":{\"@id\":\"https:\\\/\\\/tuereselcambio.es\\\/ca\\\/serveis\\\/#breadcrumb\"},\"inLanguage\":\"ca\",\"potentialAction\":[{\"@type\":\"ReadAction\",\"target\":[\"https:\\\/\\\/tuereselcambio.es\\\/ca\\\/serveis\\\/\"]}]},{\"@type\":\"BreadcrumbList\",\"@id\":\"https:\\\/\\\/tuereselcambio.es\\\/ca\\\/serveis\\\/#breadcrumb\",\"itemListElement\":[{\"@type\":\"ListItem\",\"position\":1,\"name\":\"Portada\",\"item\":\"https:\\\/\\\/tuereselcambio.es\\\/ca\\\/\"},{\"@type\":\"ListItem\",\"position\":2,\"name\":\"Serveis\"}]},{\"@type\":\"WebSite\",\"@id\":\"https:\\\/\\\/tuereselcambio.es\\\/#website\",\"url\":\"https:\\\/\\\/tuereselcambio.es\\\/\",\"name\":\"Gemma Anfrons - Tu eres el cambio\",\"description\":\"Gemma Anfrons - Tu eres el cambio\",\"publisher\":{\"@id\":\"https:\\\/\\\/tuereselcambio.es\\\/#organization\"},\"potentialAction\":[{\"@type\":\"SearchAction\",\"target\":{\"@type\":\"EntryPoint\",\"urlTemplate\":\"https:\\\/\\\/tuereselcambio.es\\\/?s={search_term_string}\"},\"query-input\":{\"@type\":\"PropertyValueSpecification\",\"valueRequired\":true,\"valueName\":\"search_term_string\"}}],\"inLanguage\":\"ca\"},{\"@type\":\"Organization\",\"@id\":\"https:\\\/\\\/tuereselcambio.es\\\/#organization\",\"name\":\"Gemma Anfrons - Tu eres el cambio\",\"url\":\"https:\\\/\\\/tuereselcambio.es\\\/\",\"logo\":{\"@type\":\"ImageObject\",\"inLanguage\":\"ca\",\"@id\":\"https:\\\/\\\/tuereselcambio.es\\\/#\\\/schema\\\/logo\\\/image\\\/\",\"url\":\"http:\\\/\\\/tuereselcambio.es\\\/wp-content\\\/uploads\\\/2019\\\/10\\\/logo-1.png\",\"contentUrl\":\"http:\\\/\\\/tuereselcambio.es\\\/wp-content\\\/uploads\\\/2019\\\/10\\\/logo-1.png\",\"width\":338,\"height\":86,\"caption\":\"Gemma Anfrons - Tu eres el cambio\"},\"image\":{\"@id\":\"https:\\\/\\\/tuereselcambio.es\\\/#\\\/schema\\\/logo\\\/image\\\/\"},\"sameAs\":[\"https:\\\/\\\/www.facebook.com\\\/ganfrons\\\/\",\"https:\\\/\\\/www.instagram.com\\\/gemma_anfrons\\\/\"]}]}<\/script>\n<!-- \/ Yoast SEO plugin. -->","yoast_head_json":{"title":"Serveis - Tu eres el cambio","robots":{"index":"index","follow":"follow","max-snippet":"max-snippet:-1","max-image-preview":"max-image-preview:large","max-video-preview":"max-video-preview:-1"},"canonical":"https:\/\/tuereselcambio.es\/ca\/serveis\/","og_locale":"ca_ES","og_type":"article","og_title":"Serveis - Tu eres el cambio","og_description":"[vc_row css_animation=&#8221;&#8221; row_type=&#8221;row&#8221; use_row_as_full_screen_section=&#8221;no&#8221; type=&#8221;grid&#8221; angled_section=&#8221;no&#8221; text_align=&#8221;left&#8221; background_image_as_pattern=&#8221;without_pattern&#8221; padding_top=&#8221;57&#8243; padding_bottom=&#8221;60&#8243; anchor=&#8221;portfolio&#8221; background_color=&#8221;#ffffff&#8221; border_color=&#8221;#efefef&#8221; z_index=&#8221;&#8221;][vc_column][vc_row_inner row_type=&#8221;row&#8221; type=&#8221;full_width&#8221; text_align=&#8221;left&#8221; css_animation=&#8221;&#8221;][vc_column_inner width=&#8221;1\/3&#8243;][vc_single_image image=&#8221;16825&#8243; img_size=&#8221;full&#8221; qode_css_animation=&#8221;element_from_fade&#8221; transition_delay=&#8221;0.3&#8243;][vc_separator type=&#8221;transparent&#8221; up=&#8221;25&#8243; down=&#8221;8&#8243;][vc_column_text] MASTER EN PNL (Programaci\u00f3 Neuroling\u00fc\u00edstica) [\/vc_column_text][vc_separator type=&#8221;transparent&#8221; up=&#8221;11&#8243; down=&#8221;0&#8243;][vc_column_text] Per a mi \u00e9s una de les millors formacions i...","og_url":"https:\/\/tuereselcambio.es\/ca\/serveis\/","og_site_name":"Tu eres el cambio","article_publisher":"https:\/\/www.facebook.com\/ganfrons\/","article_modified_time":"2026-01-12T12:59:22+00:00","og_image":[{"width":338,"height":86,"url":"https:\/\/tuereselcambio.es\/wp-content\/uploads\/2019\/10\/logo-1.png","type":"image\/png"}],"twitter_card":"summary_large_image","twitter_misc":{"Temps estimat de lectura":"5 minuts"},"schema":{"@context":"https:\/\/schema.org","@graph":[{"@type":"WebPage","@id":"https:\/\/tuereselcambio.es\/ca\/serveis\/","url":"https:\/\/tuereselcambio.es\/ca\/serveis\/","name":"Serveis - Tu eres el cambio","isPartOf":{"@id":"https:\/\/tuereselcambio.es\/#website"},"datePublished":"2022-01-25T13:55:25+00:00","dateModified":"2026-01-12T12:59:22+00:00","breadcrumb":{"@id":"https:\/\/tuereselcambio.es\/ca\/serveis\/#breadcrumb"},"inLanguage":"ca","potentialAction":[{"@type":"ReadAction","target":["https:\/\/tuereselcambio.es\/ca\/serveis\/"]}]},{"@type":"BreadcrumbList","@id":"https:\/\/tuereselcambio.es\/ca\/serveis\/#breadcrumb","itemListElement":[{"@type":"ListItem","position":1,"name":"Portada","item":"https:\/\/tuereselcambio.es\/ca\/"},{"@type":"ListItem","position":2,"name":"Serveis"}]},{"@type":"WebSite","@id":"https:\/\/tuereselcambio.es\/#website","url":"https:\/\/tuereselcambio.es\/","name":"Gemma Anfrons - Tu eres el cambio","description":"Gemma Anfrons - Tu eres el cambio","publisher":{"@id":"https:\/\/tuereselcambio.es\/#organization"},"potentialAction":[{"@type":"SearchAction","target":{"@type":"EntryPoint","urlTemplate":"https:\/\/tuereselcambio.es\/?s={search_term_string}"},"query-input":{"@type":"PropertyValueSpecification","valueRequired":true,"valueName":"search_term_string"}}],"inLanguage":"ca"},{"@type":"Organization","@id":"https:\/\/tuereselcambio.es\/#organization","name":"Gemma Anfrons - Tu eres el cambio","url":"https:\/\/tuereselcambio.es\/","logo":{"@type":"ImageObject","inLanguage":"ca","@id":"https:\/\/tuereselcambio.es\/#\/schema\/logo\/image\/","url":"https:\/\/tuereselcambio.es\/wp-content\/uploads\/2019\/10\/logo-1.png","contentUrl":"https:\/\/tuereselcambio.es\/wp-content\/uploads\/2019\/10\/logo-1.png","width":338,"height":86,"caption":"Gemma Anfrons - Tu eres el cambio"},"image":{"@id":"https:\/\/tuereselcambio.es\/#\/schema\/logo\/image\/"},"sameAs":["https:\/\/www.facebook.com\/ganfrons\/","https:\/\/www.instagram.com\/gemma_anfrons\/"]}]}},"_links":{"self":[{"href":"https:\/\/tuereselcambio.es\/ca\/wp-json\/wp\/v2\/pages\/17207","targetHints":{"allow":["GET"]}}],"collection":[{"href":"https:\/\/tuereselcambio.es\/ca\/wp-json\/wp\/v2\/pages"}],"about":[{"href":"https:\/\/tuereselcambio.es\/ca\/wp-json\/wp\/v2\/types\/page"}],"author":[{"embeddable":true,"href":"https:\/\/tuereselcambio.es\/ca\/wp-json\/wp\/v2\/users\/2"}],"replies":[{"embeddable":true,"href":"https:\/\/tuereselcambio.es\/ca\/wp-json\/wp\/v2\/comments?post=17207"}],"version-history":[{"count":25,"href":"https:\/\/tuereselcambio.es\/ca\/wp-json\/wp\/v2\/pages\/17207\/revisions"}],"predecessor-version":[{"id":17533,"href":"https:\/\/tuereselcambio.es\/ca\/wp-json\/wp\/v2\/pages\/17207\/revisions\/17533"}],"wp:attachment":[{"href":"https:\/\/tuereselcambio.es\/ca\/wp-json\/wp\/v2\/media?parent=17207"}],"curies":[{"name":"wp","href":"https:\/\/api.w.org\/{rel}","templated":true}]}}